{"id":43,"date":"2022-07-28T16:16:19","date_gmt":"2022-07-28T16:16:19","guid":{"rendered":"https:\/\/geuder.dikonzept.net\/?page_id=43"},"modified":"2026-07-13T14:11:23","modified_gmt":"2026-07-13T12:11:23","slug":"ueber-uns","status":"publish","type":"page","link":"https:\/\/geuder.dikonzept.cloud\/?page_id=43","title":{"rendered":"\u00dcber uns"},"content":{"rendered":"<p>[et_pb_section fb_built=&#8220;1&#8243; fullwidth=&#8220;on&#8220; theme_builder_area=&#8220;post_content&#8220; _builder_version=&#8220;4.27.7&#8243; _module_preset=&#8220;default&#8220;][et_pb_fullwidth_image src=&#8220;http:\/\/geuder.dikonzept.cloud\/wp-content\/uploads\/2022\/12\/geuder-klima-kaelte-team.jpg&#8220; _builder_version=&#8220;4.27.7&#8243; _module_preset=&#8220;default&#8220; theme_builder_area=&#8220;post_content&#8220; alt=&#8220;Das Service Team von Geuder Kaelte Klima GmbH&#8220; title_text=&#8220;Geuder Klima Kaelte Team&#8220; hover_enabled=&#8220;0&#8243; sticky_enabled=&#8220;0&#8243;][\/et_pb_fullwidth_image][\/et_pb_section][et_pb_section fb_built=&#8220;1&#8243; _builder_version=&#8220;4.16&#8243; _module_preset=&#8220;%22default%22&#8243; global_colors_info=&#8220;%22{}%22&#8243;][et_pb_row _builder_version=&#8220;4.27.7&#8243; _module_preset=&#8220;default&#8220;][et_pb_column _builder_version=&#8220;4.27.7&#8243; _module_preset=&#8220;default&#8220; type=&#8220;4_4&#8243;][et_pb_text _builder_version=&#8220;4.27.7&#8243; _module_preset=&#8220;default&#8220; hover_enabled=&#8220;0&#8243; sticky_enabled=&#8220;0&#8243; header_text_color=&#8220;#000000&#8243; header_font_size=&#8220;24px&#8220;]<\/p>\n<h1 style=\"text-align: center;\">Geuder K\u00e4lte Klima GmbH<\/h1>\n<h2 style=\"text-align: center;\">Klima- und K\u00e4ltetechnik in Nordbayern und Baden-W\u00fcrttemberg<\/h2>\n<p>[\/et_pb_text][\/et_pb_column][\/et_pb_row][\/et_pb_section][et_pb_section fb_built=&#8220;1&#8243; _builder_version=&#8220;4.17.6&#8243; _module_preset=&#8220;default&#8220; custom_padding=&#8220;0px|||||&#8220; global_colors_info=&#8220;{}&#8220;][et_pb_row column_structure=&#8220;1_3,1_3,1_3&#8243; make_equal=&#8220;on&#8220; _builder_version=&#8220;4.27.7&#8243; _module_preset=&#8220;default&#8220; max_width=&#8220;1400px&#8220; global_colors_info=&#8220;{}&#8220;][et_pb_column type=&#8220;1_3&#8243; _builder_version=&#8220;4.17.6&#8243; _module_preset=&#8220;default&#8220; animation_style=&#8220;slide&#8220; animation_direction=&#8220;left&#8220; global_colors_info=&#8220;{}&#8220;][et_pb_video src=&#8220;https:\/\/www.youtube.com\/watch?v=HZD2CfDaLss&#8220; _builder_version=&#8220;4.27.4&#8243; _module_preset=&#8220;default&#8220; global_colors_info=&#8220;{}&#8220;][\/et_pb_video][et_pb_text _builder_version=&#8220;4.27.7&#8243; _module_preset=&#8220;default&#8220; text_font_size=&#8220;15px&#8220; hover_enabled=&#8220;0&#8243; global_colors_info=&#8220;{}&#8220; header_2_font_size=&#8220;18px&#8220; header_3_font=&#8220;|700|||||||&#8220; header_3_font_size=&#8220;24px&#8220; sticky_enabled=&#8220;0&#8243;]<\/p>\n<div id=\"c86125\" class=\"csc-default layout-0\">\n<h2 class=\"bodytext\">GEUDER K\u00c4LTE KLIMA GmbH<\/h2>\n<h3>Standort Uffenheim<\/h3>\n<p>Dr.-Boer-Stra\u00dfe 4<br \/>97215 Uffenheim<\/p>\n<p><span>Telefon 09842 98 33 0<\/span><\/p>\n<\/div>\n<div id=\"c86126\" class=\"csc-default layout-0\">\n<div class=\"csc-header csc-header-n2\"><\/div>\n<\/div>\n<p>[\/et_pb_text][\/et_pb_column][et_pb_column type=&#8220;1_3&#8243; _builder_version=&#8220;4.17.6&#8243; _module_preset=&#8220;default&#8220; animation_style=&#8220;slide&#8220; animation_direction=&#8220;left&#8220; global_colors_info=&#8220;{}&#8220;][et_pb_video src=&#8220;https:\/\/www.youtube.com\/watch?v=9RDrCB1ZbvI&#8220; _builder_version=&#8220;4.27.7&#8243; _module_preset=&#8220;default&#8220; global_colors_info=&#8220;{}&#8220;][\/et_pb_video][et_pb_text _builder_version=&#8220;4.27.7&#8243; _module_preset=&#8220;default&#8220; text_font_size=&#8220;15px&#8220; hover_enabled=&#8220;0&#8243; global_colors_info=&#8220;{}&#8220; header_2_font_size=&#8220;18px&#8220; header_3_font=&#8220;|700|||||||&#8220; header_3_font_size=&#8220;24px&#8220; sticky_enabled=&#8220;0&#8243;]<\/p>\n<div id=\"c86125\" class=\"csc-default layout-0\">\n<h2 class=\"bodytext\">GEUDER K\u00c4LTE KLIMA GmbH<\/h2>\n<h3>Standort Ansbach<\/h3>\n<p>Technologiepark 7<br \/>91522 Ansbach<\/p>\n<p><span>Telefon 0981 2633<\/span><\/p>\n<\/div>\n<div id=\"c86126\" class=\"csc-default layout-0\">\n<div class=\"csc-header csc-header-n2\"><\/div>\n<\/div>\n<p>[\/et_pb_text][\/et_pb_column][et_pb_column type=&#8220;1_3&#8243; _builder_version=&#8220;4.17.6&#8243; _module_preset=&#8220;default&#8220; animation_style=&#8220;slide&#8220; animation_direction=&#8220;left&#8220; global_colors_info=&#8220;{}&#8220;][et_pb_video src=&#8220;https:\/\/www.youtube.com\/watch?v=CDzpwINyODw&#8220; _builder_version=&#8220;4.27.7&#8243; _module_preset=&#8220;default&#8220; global_colors_info=&#8220;{}&#8220;][\/et_pb_video][et_pb_text _builder_version=&#8220;4.27.7&#8243; _module_preset=&#8220;default&#8220; text_font_size=&#8220;15px&#8220; hover_enabled=&#8220;0&#8243; global_colors_info=&#8220;{}&#8220; header_2_font_size=&#8220;18px&#8220; header_3_font=&#8220;|700|||||||&#8220; header_3_font_size=&#8220;24px&#8220; sticky_enabled=&#8220;0&#8243;]<\/p>\n<div id=\"c86125\" class=\"csc-default layout-0\">\n<h2 class=\"bodytext\">GEUDER K\u00c4LTE KLIMA GmbH<\/h2>\n<h3>Standort Bad Mergentheim<\/h3>\n<p>Herrenwiesenstra\u00dfe 23<br \/>97980 Bad Mergentheim<\/p>\n<p><span>Telefon 07931 990066<\/span><\/p>\n<\/div>\n<div id=\"c86126\" class=\"csc-default layout-0\">\n<div class=\"csc-header csc-header-n2\"><\/div>\n<\/div>\n<p>[\/et_pb_text][\/et_pb_column][\/et_pb_row][\/et_pb_section][et_pb_section fb_built=&#8220;1&#8243; _builder_version=&#8220;4.27.4&#8243; _module_preset=&#8220;default&#8220; background_color=&#8220;#f7f7f7&#8243; global_colors_info=&#8220;{}&#8220;][et_pb_row _builder_version=&#8220;4.27.4&#8243; _module_preset=&#8220;default&#8220; global_colors_info=&#8220;{}&#8220;][et_pb_column type=&#8220;4_4&#8243; _builder_version=&#8220;4.27.4&#8243; _module_preset=&#8220;default&#8220; global_colors_info=&#8220;{}&#8220;][et_pb_text _builder_version=&#8220;4.27.4&#8243; _module_preset=&#8220;default&#8220; global_colors_info=&#8220;{}&#8220;]<\/p>\n<p style=\"text-align: center;\">Weil wir gerne mit gutem Beispiel vorangehen<\/p>\n<h2 style=\"text-align: center;\">Die Geb\u00e4udeinstallation unserer Zentrale in Uffenheim<\/h2>\n<p>[\/et_pb_text][et_pb_video src=&#8220;https:\/\/www.youtube.com\/watch?v=ol6nRuMjpHs&#8220; _builder_version=&#8220;4.27.4&#8243; _module_preset=&#8220;default&#8220; global_colors_info=&#8220;{}&#8220;][\/et_pb_video][\/et_pb_column][\/et_pb_row][\/et_pb_section][et_pb_section fb_built=&#8220;1&#8243; _builder_version=&#8220;4.17.6&#8243; background_color_gradient_direction=&#8220;90deg&#8220; background_size=&#8220;initial&#8220; background_position=&#8220;top_center&#8220; max_width=&#8220;90%&#8220; max_width_tablet=&#8220;90%&#8220; max_width_phone=&#8220;100%&#8220; max_width_last_edited=&#8220;on|tablet&#8220; module_alignment=&#8220;center&#8220; custom_margin=&#8220;60px||||false|false&#8220; custom_padding=&#8220;60px|0px||0px|false|false&#8220; border_width_all=&#8220;7px&#8220; border_color_all=&#8220;#f7f6f4&#8243; border_width_bottom=&#8220;0px&#8220; custom_width_px__hover=&#8220;1080px&#8220; custom_width_px__hover_enabled=&#8220;1080px&#8220; custom_width_percent__hover=&#8220;80%&#8220; custom_width_percent__hover_enabled=&#8220;80%&#8220; locked=&#8220;off&#8220; global_colors_info=&#8220;{}&#8220; gutter_width__hover=&#8220;3&#8243; gutter_width__hover_enabled=&#8220;3&#8243; parallax_1__hover=&#8220;off&#8220; parallax_1__hover_enabled=&#8220;off&#8220; parallax_2__hover=&#8220;off&#8220; parallax_2__hover_enabled=&#8220;off&#8220; parallax_3__hover=&#8220;off&#8220; parallax_3__hover_enabled=&#8220;off&#8220; parallax_method_1__hover=&#8220;on&#8220; parallax_method_1__hover_enabled=&#8220;on&#8220; parallax_method_2__hover=&#8220;on&#8220; parallax_method_2__hover_enabled=&#8220;on&#8220; parallax_method_3__hover=&#8220;on&#8220; parallax_method_3__hover_enabled=&#8220;on&#8220; background_color_gradient_direction__hover=&#8220;180deg&#8220; background_color_gradient_direction__hover_enabled=&#8220;180deg&#8220; background_size__hover=&#8220;cover&#8220; background_size__hover_enabled=&#8220;cover&#8220; background_position__hover=&#8220;center&#8220; background_position__hover_enabled=&#8220;center&#8220; max_width__hover=&#8220;100%&#8220; max_width__hover_enabled=&#8220;100%&#8220; use_background_color_gradient__hover=&#8220;off&#8220; use_background_color_gradient__hover_enabled=&#8220;off&#8220; background_color_gradient_start__hover=&#8220;#2b87da&#8220; background_color_gradient_start__hover_enabled=&#8220;#2b87da&#8220; background_color_gradient_end__hover=&#8220;#29c4a9&#8243; background_color_gradient_end__hover_enabled=&#8220;#29c4a9&#8243; background_color_gradient_type__hover=&#8220;linear&#8220; background_color_gradient_type__hover_enabled=&#8220;linear&#8220; background_color_gradient_direction_radial__hover=&#8220;center&#8220; background_color_gradient_direction_radial__hover_enabled=&#8220;center&#8220; background_color_gradient_start_position__hover=&#8220;0%&#8220; background_color_gradient_start_position__hover_enabled=&#8220;0%&#8220; background_color_gradient_end_position__hover=&#8220;100%&#8220; background_color_gradient_end_position__hover_enabled=&#8220;100%&#8220; background_color_gradient_overlays_image__hover=&#8220;off&#8220; background_color_gradient_overlays_image__hover_enabled=&#8220;off&#8220; parallax__hover=&#8220;off&#8220; parallax__hover_enabled=&#8220;off&#8220; parallax_method__hover=&#8220;on&#8220; parallax_method__hover_enabled=&#8220;on&#8220; background_repeat__hover=&#8220;no-repeat&#8220; background_repeat__hover_enabled=&#8220;no-repeat&#8220; background_blend__hover=&#8220;normal&#8220; background_blend__hover_enabled=&#8220;normal&#8220; allow_player_pause__hover=&#8220;off&#8220; allow_player_pause__hover_enabled=&#8220;off&#8220; background_video_pause_outside_viewport__hover=&#8220;on&#8220; background_video_pause_outside_viewport__hover_enabled=&#8220;on&#8220; inner_shadow__hover=&#8220;off&#8220; inner_shadow__hover_enabled=&#8220;off&#8220; make_fullwidth__hover=&#8220;off&#8220; make_fullwidth__hover_enabled=&#8220;off&#8220; use_custom_width__hover=&#8220;off&#8220; use_custom_width__hover_enabled=&#8220;off&#8220; width_unit__hover=&#8220;on&#8220; width_unit__hover_enabled=&#8220;on&#8220; make_equal__hover=&#8220;off&#8220; make_equal__hover_enabled=&#8220;off&#8220; use_custom_gutter__hover=&#8220;off&#8220; use_custom_gutter__hover_enabled=&#8220;off&#8220; border_radii__hover=&#8220;on||||&#8220; border_radii__hover_enabled=&#8220;on||||&#8220; box_shadow_style__hover=&#8220;none&#8220; box_shadow_style__hover_enabled=&#8220;none&#8220; box_shadow_color__hover=&#8220;rgba(0,0,0,0.3)&#8220; box_shadow_color__hover_enabled=&#8220;rgba(0,0,0,0.3)&#8220; filter_hue_rotate__hover=&#8220;0deg&#8220; filter_hue_rotate__hover_enabled=&#8220;0deg&#8220; filter_saturate__hover=&#8220;100%&#8220; filter_saturate__hover_enabled=&#8220;100%&#8220; filter_brightness__hover=&#8220;100%&#8220; filter_brightness__hover_enabled=&#8220;100%&#8220; filter_contrast__hover=&#8220;100%&#8220; filter_contrast__hover_enabled=&#8220;100%&#8220; filter_invert__hover=&#8220;0%&#8220; filter_invert__hover_enabled=&#8220;0%&#8220; filter_sepia__hover=&#8220;0%&#8220; filter_sepia__hover_enabled=&#8220;0%&#8220; filter_opacity__hover=&#8220;100%&#8220; filter_opacity__hover_enabled=&#8220;100%&#8220; filter_blur__hover=&#8220;0px&#8220; filter_blur__hover_enabled=&#8220;0px&#8220; mix_blend_mode__hover=&#8220;normal&#8220; mix_blend_mode__hover_enabled=&#8220;normal&#8220; animation_style__hover=&#8220;none&#8220; animation_style__hover_enabled=&#8220;none&#8220; animation_repeat__hover=&#8220;once&#8220; animation_repeat__hover_enabled=&#8220;once&#8220; animation_direction__hover=&#8220;center&#8220; animation_direction__hover_enabled=&#8220;center&#8220; animation_duration__hover=&#8220;1000ms&#8220; animation_duration__hover_enabled=&#8220;1000ms&#8220; animation_delay__hover=&#8220;0ms&#8220; animation_delay__hover_enabled=&#8220;0ms&#8220; animation_intensity_slide__hover=&#8220;50%&#8220; animation_intensity_slide__hover_enabled=&#8220;50%&#8220; animation_intensity_zoom__hover=&#8220;50%&#8220; animation_intensity_zoom__hover_enabled=&#8220;50%&#8220; animation_intensity_flip__hover=&#8220;50%&#8220; animation_intensity_flip__hover_enabled=&#8220;50%&#8220; animation_intensity_fold__hover=&#8220;50%&#8220; animation_intensity_fold__hover_enabled=&#8220;50%&#8220; animation_intensity_roll__hover=&#8220;50%&#8220; animation_intensity_roll__hover_enabled=&#8220;50%&#8220; animation_starting_opacity__hover=&#8220;0%&#8220; animation_starting_opacity__hover_enabled=&#8220;0%&#8220; animation_speed_curve__hover=&#8220;ease-in-out&#8220; animation_speed_curve__hover_enabled=&#8220;ease-in-out&#8220; hover_transition_duration__hover=&#8220;300ms&#8220; hover_transition_duration__hover_enabled=&#8220;300ms&#8220; hover_transition_delay__hover=&#8220;0ms&#8220; hover_transition_delay__hover_enabled=&#8220;0ms&#8220; hover_transition_speed_curve__hover=&#8220;ease&#8220; hover_transition_speed_curve__hover_enabled=&#8220;ease&#8220; background_color_gradient_stops__hover=&#8220;#2b87da 0%|#29c4a9 100%&#8220;][et_pb_row _builder_version=&#8220;4.17.6&#8243; _module_preset=&#8220;default&#8220; global_colors_info=&#8220;{}&#8220;][et_pb_column type=&#8220;4_4&#8243; _builder_version=&#8220;4.17.6&#8243; _module_preset=&#8220;default&#8220; global_colors_info=&#8220;{}&#8220;][et_pb_text _builder_version=&#8220;4.17.6&#8243; _module_preset=&#8220;default&#8220; global_colors_info=&#8220;{}&#8220;]<\/p>\n<h3 style=\"text-align: center;\">Historie der Geuder Klimatechnik\u00a0<\/h3>\n<p>[\/et_pb_text][et_pb_slider use_bg_overlay=&#8220;off&#8220; use_text_overlay=&#8220;off&#8220; arrows_custom_color=&#8220;#FFFFFF&#8220; dot_nav_custom_color=&#8220;#FFFFFF&#8220; _builder_version=&#8220;4.19.4&#8243; _module_preset=&#8220;default&#8220; header_font_size=&#8220;36px&#8220; custom_padding=&#8220;60px||80px||false|false&#8220; auto=&#8220;on&#8220; auto_speed=&#8220;4000&#8243; header_font_size_tablet=&#8220;30px&#8220; header_font_size_phone=&#8220;26px&#8220; header_font_size_last_edited=&#8220;on|phone&#8220; global_colors_info=&#8220;{}&#8220;][et_pb_slide heading=&#8220;Start des Unternehmens&#8220; _builder_version=&#8220;4.19.4&#8243; _module_preset=&#8220;default&#8220; header_text_color_tablet=&#8220;&#8220; header_text_color_phone=&#8220;&#8220; header_text_color_last_edited=&#8220;on|phone&#8220; global_colors_info=&#8220;{}&#8220; sticky_transition=&#8220;on&#8220;]<\/p>\n<p>Kauf eines Kolonialladens durch Georg Geuder<\/p>\n<p>[\/et_pb_slide][et_pb_slide heading=&#8220;1936 &#8211; Erweiterung des Sortiments&#8220; _builder_version=&#8220;4.19.4&#8243; _module_preset=&#8220;default&#8220; header_font_size=&#8220;36px&#8220; header_font_size_tablet=&#8220;36px&#8220; header_font_size_phone=&#8220;36px&#8220; header_font_size_last_edited=&#8220;off|tablet&#8220; global_colors_info=&#8220;{}&#8220; sticky_transition=&#8220;on&#8220;]<\/p>\n<p>mit Glas, Porzellan, Eisenwaren &#8211; Verkauf der ersten K\u00fchlschr\u00e4nke<\/p>\n<p>[\/et_pb_slide][et_pb_slide heading=&#8220;1950 &#8211; Generalvertretung von Frigidaire&#8220; _builder_version=&#8220;4.19.4&#8243; _module_preset=&#8220;default&#8220; header_font_size=&#8220;36px&#8220; global_colors_info=&#8220;{}&#8220; sticky_transition=&#8220;on&#8220;]<\/p>\n<p>Als einziges Unternehmen in einer deutschen Kleinstadt erh\u00e4lt Geuder die Generalvertretung f\u00fcr die Frigidaire Werke.<\/p>\n<p>[\/et_pb_slide][et_pb_slide heading=&#8220;1962 &#8211; Manfred Geuder \u00fcbernimmt das Unternehmen&#8220; _builder_version=&#8220;4.19.4&#8243; _module_preset=&#8220;default&#8220; header_font_size=&#8220;36px&#8220; global_colors_info=&#8220;{}&#8220; sticky_transition=&#8220;on&#8220;]<\/p>\n<p>und er\u00f6ffnet neue Filialen in Bad Mergentheim und Forchheim<\/p>\n<p>[\/et_pb_slide][et_pb_slide heading=&#8220;1978 &#8211; Kauf der Angermeyer GmbH in Ansbach&#8220; _builder_version=&#8220;4.19.4&#8243; _module_preset=&#8220;default&#8220; header_font_size=&#8220;36px&#8220; global_colors_info=&#8220;{}&#8220; sticky_transition=&#8220;on&#8220;]<\/p>\n<p>und Einbindung ins Unternehmen<\/p>\n<p>[\/et_pb_slide][et_pb_slide heading=&#8220;1990 &#8211; Georg Geuder&#8220; _builder_version=&#8220;4.19.4&#8243; _module_preset=&#8220;default&#8220; header_font_size=&#8220;36px&#8220; global_colors_info=&#8220;{}&#8220; sticky_transition=&#8220;on&#8220;]<\/p>\n<p>Sohn von Manfred Geuder steigt in das Unternehmen ein<\/p>\n<p>[\/et_pb_slide][et_pb_slide heading=&#8220;2000 &#8211; Christian Schmidt beginnt seine Ausbildung&#8220; _builder_version=&#8220;4.19.4&#8243; _module_preset=&#8220;default&#8220; header_font_size=&#8220;36px&#8220; global_colors_info=&#8220;{}&#8220; sticky_transition=&#8220;on&#8220;]<\/p>\n<p>zum K\u00e4lteanlagenbauer<\/p>\n<p>[\/et_pb_slide][et_pb_slide heading=&#8220;2003 &#8211; Reiner Strauss beginnt seine Ausbildung&#8220; _builder_version=&#8220;4.19.4&#8243; _module_preset=&#8220;default&#8220; header_font_size=&#8220;36px&#8220; global_colors_info=&#8220;{}&#8220; sticky_transition=&#8220;on&#8220;][\/et_pb_slide][et_pb_slide heading=&#8220;2010 &#8211; Christian Schmidt \u00fcbernimmt die Standortleitung Ansbach&#8220; _builder_version=&#8220;4.19.4&#8243; _module_preset=&#8220;default&#8220; header_font_size=&#8220;36px&#8220; global_colors_info=&#8220;{}&#8220; sticky_transition=&#8220;on&#8220;]<\/p>\n<p>nach der erfolgreich beendeten Ausbildung zum staatl. gepr\u00fcfte K\u00e4lte- und Klimasystemtechniker<\/p>\n<p>[\/et_pb_slide][et_pb_slide heading=&#8220;2010 &#8211; Weiterbildung Reiner Strauss&#8220; _builder_version=&#8220;4.19.4&#8243; _module_preset=&#8220;default&#8220; header_font_size=&#8220;36px&#8220; global_colors_info=&#8220;{}&#8220; sticky_transition=&#8220;on&#8220;]<\/p>\n<p>zum K\u00e4lteanlagenbaumeister<\/p>\n<p>[\/et_pb_slide][et_pb_slide heading=&#8220;2018 &#8211; Prokura&#8220; _builder_version=&#8220;4.19.4&#8243; _module_preset=&#8220;default&#8220; header_font_size=&#8220;36px&#8220; global_colors_info=&#8220;{}&#8220; sticky_transition=&#8220;on&#8220;]<\/p>\n<p>Christian Schmidt und Reiner Strauss \u00fcbernehmen zunehmend F\u00fchrungsaufgaben und erhalten Prokura.<\/p>\n<p>[\/et_pb_slide][et_pb_slide heading=&#8220;2019 &#8211; Reiner Strau\u00df wird Betriebsleiter&#8220; _builder_version=&#8220;4.19.4&#8243; _module_preset=&#8220;default&#8220; header_font_size=&#8220;36px&#8220; global_colors_info=&#8220;{}&#8220; sticky_transition=&#8220;on&#8220;]<\/p>\n<p>Reiner Strau\u00df wird Betriebsleiter in Uffenheim<\/p>\n<p>[\/et_pb_slide][et_pb_slide heading=&#8220;2021 &#8211; Kauf der Geuder GmbH&#8220; _builder_version=&#8220;4.19.4&#8243; _module_preset=&#8220;default&#8220; header_font_size=&#8220;36px&#8220; global_colors_info=&#8220;{}&#8220; sticky_transition=&#8220;on&#8220;]<\/p>\n<p>Christian Schmidt und Reiner Strau\u00df kaufen die Geuder GmbH von Georg Geuder und firmieren sie um zur Geuder K\u00e4lte &amp; Klima GmbH<\/p>\n<p>[\/et_pb_slide][\/et_pb_slider][dsm_embed_twitter_timeline _builder_version=&#8220;4.27.7&#8243; _module_preset=&#8220;default&#8220; hover_enabled=&#8220;0&#8243; sticky_enabled=&#8220;0&#8243;][\/dsm_embed_twitter_timeline][\/et_pb_column][\/et_pb_row][et_pb_row column_structure=&#8220;1_2,%221_2%22&#8243; make_equal=&#8220;on&#8220; _builder_version=&#8220;4.17.6&#8243; _module_preset=&#8220;default&#8220; max_width=&#8220;1400px&#8220; custom_margin=&#8220;50px|auto|50px|auto||&#8220; global_colors_info=&#8220;{}&#8220;][et_pb_column type=&#8220;1_2&#8243; _builder_version=&#8220;4.17.6&#8243; _module_preset=&#8220;default&#8220; animation_style=&#8220;slide&#8220; animation_direction=&#8220;left&#8220; custom_css_main_element=&#8220;display: flex;||align-items: flex-start;||justify-content: center;||flex-direction: column;&#8220; global_colors_info=&#8220;{}&#8220;][et_pb_text _builder_version=&#8220;4.17.6&#8243; _module_preset=&#8220;default&#8220; header_2_line_height=&#8220;1.5em&#8220; global_colors_info=&#8220;{}&#8220;]<\/p>\n<div class=\"csc-header csc-header-n2\">\n<h2>Fullservice &#8211; Von der Projektierung bis zu Wartung und Service<\/h2>\n<\/div>\n<p>[\/et_pb_text][et_pb_text _builder_version=&#8220;4.17.6&#8243; _module_preset=&#8220;default&#8220; text_font_size=&#8220;15px&#8220; global_colors_info=&#8220;{}&#8220;]<\/p>\n<div id=\"c86125\" class=\"csc-default layout-0\">\n<div id=\"c86126\" class=\"csc-default layout-0\">\n<div id=\"c86126\" class=\"csc-default layout-0\">\n<p class=\"bodytext\">Wir \u00fcbernehmen jegliche Aufgaben betreffend Projektierung, LV-Erstellung, Angebotserstellung, Montage, Wartung und Service. Unsere Kompetenzen einerseits in betriebswirtschaftlichen und andererseits in technischen Fachbereichen ergeben einen genauen Blick auf Ihr Unternehmen.<\/p>\n<\/div>\n<div id=\"c86127\" class=\"csc-default layout-0\">\n<div class=\"csc-header csc-header-n3\"><\/div>\n<\/div>\n<\/div>\n<\/div>\n<div id=\"c86126\" class=\"csc-default layout-0\">\n<div class=\"csc-header csc-header-n2\"><\/div>\n<\/div>\n<p>[\/et_pb_text][\/et_pb_column][et_pb_column type=&#8220;%221_2%22&#8243; _builder_version=&#8220;4.16&#8243; _module_preset=&#8220;%22default%22&#8243; custom_padding=&#8220;|||&#8220; animation_style=&#8220;%22slide%22&#8243; animation_direction=&#8220;%22right%22&#8243; global_colors_info=&#8220;%22{}%22&#8243; custom_padding__hover=&#8220;|||&#8220;][\/et_pb_column][\/et_pb_row][et_pb_row column_structure=&#8220;%221_2%22,1_2&#8243; make_equal=&#8220;%22on%22&#8243; _builder_version=&#8220;4.16&#8243; _module_preset=&#8220;%22default%22&#8243; background_size=&#8220;initial&#8220; background_position=&#8220;top_left&#8220; background_repeat=&#8220;repeat&#8220; max_width=&#8220;%221400px%22&#8243; global_colors_info=&#8220;%22{}%22&#8243;][et_pb_column type=&#8220;%221_2%22&#8243; _builder_version=&#8220;4.16&#8243; _module_preset=&#8220;%22default%22&#8243; custom_padding=&#8220;|||&#8220; animation_style=&#8220;%22slide%22&#8243; animation_direction=&#8220;%22left%22&#8243; global_colors_info=&#8220;%22{}%22&#8243; custom_padding__hover=&#8220;|||&#8220;][et_pb_text _builder_version=&#8220;4.16&#8243; _module_preset=&#8220;%22default%22&#8243; header_2_line_height=&#8220;%221.5em%22&#8243; background_size=&#8220;initial&#8220; background_position=&#8220;top_left&#8220; background_repeat=&#8220;repeat&#8220; global_colors_info=&#8220;%22{}%22&#8243;]<\/p>\n<div class=\"csc-header csc-header-n2\">\n<div class=\"csc-header csc-header-n4\">\n<h2>Pers\u00f6nliche Betreuung &#8211; Vertrauen st\u00e4rkt Partnerschaft<\/h2>\n<\/div>\n<\/div>\n<p>[\/et_pb_text][et_pb_text _builder_version=&#8220;4.17.6&#8243; _module_preset=&#8220;default&#8220; text_font_size=&#8220;15px&#8220; global_colors_info=&#8220;{}&#8220;]<\/p>\n<div id=\"c86125\" class=\"csc-default layout-0\">\n<div id=\"c86126\" class=\"csc-default layout-0\">\n<div id=\"c86126\" class=\"csc-default layout-0\">\n<p class=\"bodytext\"><span>Sie haben einen pers\u00f6nlichen Ansprechpartner. Er kennt Ihr Unternehmen bzw. analysiert Ihren Betrieb vor Ort. Somit k\u00f6nnen wir rasch und kompetent die gestellten W\u00fcnsche erf\u00fcllen. Unser Team besteht aus Spezialisten. Jeder Aspekt wird genau bedacht und so kann die beste L\u00f6sung f\u00fcr Sie gefunden werden.<\/span><\/p>\n<\/div>\n<div id=\"c86127\" class=\"csc-default layout-0\">\n<div class=\"csc-header csc-header-n3\"><\/div>\n<\/div>\n<\/div>\n<\/div>\n<div id=\"c86126\" class=\"csc-default layout-0\">\n<div class=\"csc-header csc-header-n2\"><\/div>\n<\/div>\n<p>[\/et_pb_text][\/et_pb_column][et_pb_column type=&#8220;1_2&#8243; _builder_version=&#8220;4.17.6&#8243; _module_preset=&#8220;default&#8220; animation_style=&#8220;slide&#8220; animation_direction=&#8220;right&#8220; custom_css_main_element=&#8220;display: flex;||align-items: flex-start;||justify-content: center;||flex-direction: column;&#8220; global_colors_info=&#8220;{}&#8220;][et_pb_text _builder_version=&#8220;4.17.6&#8243; _module_preset=&#8220;default&#8220; header_2_line_height=&#8220;1.5em&#8220; global_colors_info=&#8220;{}&#8220;]<\/p>\n<div class=\"csc-header csc-header-n2\">\n<div class=\"csc-header csc-header-n3\">\n<h2>Flexible Leistungspakete &#8211; Nachfrage deckt sich mit Angebot<\/h2>\n<\/div>\n<\/div>\n<p>[\/et_pb_text][et_pb_text _builder_version=&#8220;4.17.6&#8243; _module_preset=&#8220;default&#8220; text_font_size=&#8220;15px&#8220; global_colors_info=&#8220;{}&#8220;]<\/p>\n<div id=\"c86125\" class=\"csc-default layout-0\">\n<div id=\"c86126\" class=\"csc-default layout-0\">\n<div id=\"c86126\" class=\"csc-default layout-0\">\n<div id=\"c86127\" class=\"csc-default layout-0\">\n<p class=\"bodytext\">Flexibilit\u00e4t ist heutzutage unumg\u00e4nglich. Jeder Markt und jede Anforderung ist anders und jedes Unternehmen ist individuell. Je nach Bedarf schn\u00fcren wir exklusive Angebotspakete. Sie holen sich genau das, was Sie brauchen und wir sind Ihr verl\u00e4sslicher Partner.<\/p>\n<\/div>\n<div id=\"c86128\" class=\"csc-default layout-0\">\n<div class=\"csc-header csc-header-n4\"><\/div>\n<\/div>\n<\/div>\n<div id=\"c86127\" class=\"csc-default layout-0\">\n<div class=\"csc-header csc-header-n3\"><\/div>\n<\/div>\n<\/div>\n<\/div>\n<div id=\"c86126\" class=\"csc-default layout-0\">\n<div class=\"csc-header csc-header-n2\"><\/div>\n<\/div>\n<p>[\/et_pb_text][\/et_pb_column][\/et_pb_row][et_pb_row column_structure=&#8220;%221_2%22,%221_2%22&#8243; make_equal=&#8220;%22on%22&#8243; _builder_version=&#8220;4.16&#8243; _module_preset=&#8220;%22default%22&#8243; background_size=&#8220;initial&#8220; background_position=&#8220;top_left&#8220; background_repeat=&#8220;repeat&#8220; max_width=&#8220;%221400px%22&#8243; global_colors_info=&#8220;%22{}%22&#8243;][et_pb_column type=&#8220;%221_2%22&#8243; _builder_version=&#8220;4.16&#8243; _module_preset=&#8220;%22default%22&#8243; custom_padding=&#8220;|||&#8220; animation_style=&#8220;%22slide%22&#8243; animation_direction=&#8220;%22left%22&#8243; global_colors_info=&#8220;%22{}%22&#8243; custom_padding__hover=&#8220;|||&#8220;][et_pb_image src=&#8220;%22http:\/\/geuder.dikonzept.cloud\/wp-content\/uploads\/2022\/11\/img_schulungsraum_uffenheim-1.jpg%22&#8243; alt=&#8220;%22Geuder&#8220; title_text=&#8220;%22Schulungsraum-Uffenheim%22&#8243; align_tablet=&#8220;center&#8220; align_phone=&#8220;center&#8220; align_last_edited=&#8220;on|desktop&#8220; _builder_version=&#8220;4.16&#8243; _module_preset=&#8220;%22default%22&#8243; animation_style=&#8220;slide&#8220; animation_direction=&#8220;left&#8220; animation_duration=&#8220;500ms&#8220; animation_intensity_slide=&#8220;10%&#8220; box_shadow_style=&#8220;%22preset3%22&#8243; global_colors_info=&#8220;%22{}%22&#8243;][\/et_pb_image][\/et_pb_column][et_pb_column type=&#8220;%221_2%22&#8243; _builder_version=&#8220;4.16&#8243; _module_preset=&#8220;%22default%22&#8243; custom_padding=&#8220;|||&#8220; animation_style=&#8220;%22slide%22&#8243; animation_direction=&#8220;%22right%22&#8243; custom_css_main_element=&#8220;%22display:&#8220; global_colors_info=&#8220;%22{}%22&#8243; custom_padding__hover=&#8220;|||&#8220;][et_pb_text _builder_version=&#8220;4.16&#8243; _module_preset=&#8220;%22default%22&#8243; header_2_line_height=&#8220;%221.5em%22&#8243; background_size=&#8220;initial&#8220; background_position=&#8220;top_left&#8220; background_repeat=&#8220;repeat&#8220; global_colors_info=&#8220;%22{}%22&#8243;]<\/p>\n<div class=\"csc-header csc-header-n2\">\n<div class=\"csc-header csc-header-n3\">\n<div class=\"csc-header csc-header-n5\">\n<h2>Erfahrung bringt Know-How und gipfelt in Innovation<\/h2>\n<\/div>\n<\/div>\n<\/div>\n<p>[\/et_pb_text][et_pb_text _builder_version=&#8220;4.17.6&#8243; _module_preset=&#8220;default&#8220; text_font_size=&#8220;15px&#8220; global_colors_info=&#8220;{}&#8220;]<\/p>\n<div id=\"c86125\" class=\"csc-default layout-0\">\n<div id=\"c86126\" class=\"csc-default layout-0\">\n<div id=\"c86126\" class=\"csc-default layout-0\">\n<div id=\"c86127\" class=\"csc-default layout-0\">\n<div id=\"c86129\" class=\"csc-default layout-0\">\n<p class=\"bodytext\">\u00dcber 60 Jahre im \u201eGesch\u00e4ft\u201c ergeben viele Jahre Erfahrung. Jahre, in denen wir praktikable Modelle entwickelt und effiziente L\u00f6sungen gefunden haben. Auf diesen Erfahrungsschatz bauen wir auf. Er ist die solide Grundlage f\u00fcr das Beschreiten von innovativen Wegen.<\/p>\n<\/div>\n<div id=\"c86719\" class=\"csc-default layout-0\">\n<div class=\"csc-textpic csc-textpic-center csc-textpic-below\">\n<div class=\"csc-textpic-text\"><\/div>\n<div class=\"csc-textpic-imagewrap\">\n<div class=\"csc-textpic-center-outer\">\n<div class=\"csc-textpic-center-inner\">\n<div class=\"csc-textpic-imagerow\">\n<div class=\"csc-textpic-imagecolumn csc-textpic-firstcol\"><\/div>\n<\/div>\n<\/div>\n<\/div>\n<\/div>\n<\/div>\n<\/div>\n<\/div>\n<div id=\"c86128\" class=\"csc-default layout-0\">\n<div class=\"csc-header csc-header-n4\"><\/div>\n<\/div>\n<\/div>\n<div id=\"c86127\" class=\"csc-default layout-0\">\n<div class=\"csc-header csc-header-n3\"><\/div>\n<\/div>\n<\/div>\n<\/div>\n<div id=\"c86126\" class=\"csc-default layout-0\">\n<div class=\"csc-header csc-header-n2\"><\/div>\n<\/div>\n<p>[\/et_pb_text][\/et_pb_column][\/et_pb_row][\/et_pb_section]<\/p>\n","protected":false},"excerpt":{"rendered":"<p>Geuder K\u00e4lte Klima GmbH Klima- und K\u00e4ltetechnik in Nordbayern und Baden-W\u00fcrttemberg GEUDER K\u00c4LTE KLIMA GmbH Standort Uffenheim Dr.-Boer-Stra\u00dfe 497215 Uffenheim Telefon 09842 98 33 0 GEUDER K\u00c4LTE KLIMA GmbH Standort Ansbach Technologiepark 791522 Ansbach Telefon 0981 2633 GEUDER K\u00c4LTE KLIMA GmbH Standort Bad Mergentheim Herrenwiesenstra\u00dfe 2397980 Bad Mergentheim Telefon 07931 990066 Weil wir gerne mit [&hellip;]<\/p>\n","protected":false},"author":1,"featured_media":0,"parent":0,"menu_order":0,"comment_status":"closed","ping_status":"closed","template":"","meta":{"_et_pb_use_builder":"on","_et_pb_old_content":"","_et_gb_content_width":"","footnotes":""},"class_list":["post-43","page","type-page","status-publish","hentry"],"_links":{"self":[{"href":"https:\/\/geuder.dikonzept.cloud\/index.php?rest_route=\/wp\/v2\/pages\/43","targetHints":{"allow":["GET"]}}],"collection":[{"href":"https:\/\/geuder.dikonzept.cloud\/index.php?rest_route=\/wp\/v2\/pages"}],"about":[{"href":"https:\/\/geuder.dikonzept.cloud\/index.php?rest_route=\/wp\/v2\/types\/page"}],"author":[{"embeddable":true,"href":"https:\/\/geuder.dikonzept.cloud\/index.php?rest_route=\/wp\/v2\/users\/1"}],"replies":[{"embeddable":true,"href":"https:\/\/geuder.dikonzept.cloud\/index.php?rest_route=%2Fwp%2Fv2%2Fcomments&post=43"}],"version-history":[{"count":2,"href":"https:\/\/geuder.dikonzept.cloud\/index.php?rest_route=\/wp\/v2\/pages\/43\/revisions"}],"predecessor-version":[{"id":1356,"href":"https:\/\/geuder.dikonzept.cloud\/index.php?rest_route=\/wp\/v2\/pages\/43\/revisions\/1356"}],"wp:attachment":[{"href":"https:\/\/geuder.dikonzept.cloud\/index.php?rest_route=%2Fwp%2Fv2%2Fmedia&parent=43"}],"curies":[{"name":"wp","href":"https:\/\/api.w.org\/{rel}","templated":true}]}}